{"id":230865,"date":"2026-04-10T14:52:18","date_gmt":"2026-04-10T12:52:18","guid":{"rendered":"https:\/\/www.museonicolis.com\/?page_id=230865"},"modified":"2026-04-10T14:52:18","modified_gmt":"2026-04-10T12:52:18","slug":"praesidentin","status":"publish","type":"page","link":"https:\/\/www.museonicolis.com\/de\/praesidentin\/","title":{"rendered":"Pr\u00e4sidentin"},"content":{"rendered":"<div id=\"cmsmasters_row_gtdnwxf30j\" class=\"cmsmasters_row cmsmasters_color_scheme_default cmsmasters_row_top_default cmsmasters_row_bot_default cmsmasters_row_boxed\">\n<div class=\"cmsmasters_row_outer_parent\">\n<div class=\"cmsmasters_row_outer\">\n<div class=\"cmsmasters_row_inner\">\n<div class=\"cmsmasters_row_margin\">\n<div id=\"cmsmasters_column_7sxsmxhfon\" class=\"cmsmasters_column one_first\">\n<div class=\"cmsmasters_column_inner\"><div class=\"cmsmasters_img  cmsmasters_image_n\"><img decoding=\"async\" src=\"https:\/\/www.museonicolis.com\/html\/uploads\/2026\/02\/1-Silvia-Nicolis-Museo-Nicolis-ph-Comparotto-2-copia.jpg\" \/><\/div>\n<\/div><\/div>\n<\/div>\n<\/div>\n<\/div>\n<\/div>\n<\/div>\n<div id=\"cmsmasters_row_\" class=\"cmsmasters_row cmsmasters_color_scheme_default cmsmasters_row_top_default cmsmasters_row_bot_default cmsmasters_row_boxed\">\n<div class=\"cmsmasters_row_outer_parent\">\n<div class=\"cmsmasters_row_outer\">\n<div class=\"cmsmasters_row_inner\">\n<div class=\"cmsmasters_row_margin\">\n<div id=\"cmsmasters_column_\" class=\"cmsmasters_column one_first\">\n<div class=\"cmsmasters_column_inner\"><div class=\"cmsmasters_text\">\n<div style=\"text-align: justify;\">\n<h2 data-section-id=\"wyno9c\" data-start=\"118\" data-end=\"139\"><span role=\"text\"><strong data-start=\"121\" data-end=\"139\">Silvia Nicolis<\/strong><\/span><\/h2>\n<p data-start=\"141\" data-end=\"458\">Silvia Nicolis ist Unternehmerin und Kulturmanagerin. Seit \u00fcber drei\u00dfig Jahren bewegt sie sich an der Schnittstelle von <strong data-start=\"261\" data-end=\"326\">Wirtschaft, Kultur, Nachhaltigkeit und regionaler Entwicklung<\/strong> und f\u00f6rdert ein Wachstumsmodell, das industrielle Vision, soziale Verantwortung und die Aufwertung des kulturellen Erbes vereint. Als Tochter einer deutschen Mutter und eines italienischen Vaters entwickelte sie bereits in jungen Jahren eine nat\u00fcrliche internationale Offenheit, die ihren pers\u00f6nlichen und beruflichen Werdegang gepr\u00e4gt hat. Diese doppelte kulturelle Sensibilit\u00e4t ist heute ein pr\u00e4gendes Merkmal ihres Engagements f\u00fcr die F\u00f6rderung des <strong data-start=\"782\" data-end=\"799\">Made in Italy<\/strong>, der Unternehmenskultur und der nachhaltigen Innovation.<\/p>\n<h3 data-section-id=\"1hg5o3y\" data-start=\"863\" data-end=\"926\"><span role=\"text\">Unternehmen, Kreislaufwirtschaft und industrielle Vision<\/span><\/h3>\n<p data-start=\"928\" data-end=\"1209\">Ihr beruflicher Weg begann innerhalb der <a href=\"https:\/\/lamacart.eu\/\"><strong data-start=\"969\" data-end=\"988\">Lamacart-Gruppe<\/strong><\/a>, einem traditionsreichen Familienunternehmen, das vor \u00fcber achtzig Jahren von ihrem Vater Luciano Nicolis gegr\u00fcndet wurde und heute eine Referenz im Bereich der R\u00fcckgewinnung und des Recyclings von Altpapier darstellt. Aufgewachsen im Unternehmen hat Silvia Nicolis fr\u00fch die Werte von Arbeit, Verantwortung und Umweltbewusstsein verinnerlicht. Seit ihrem formellen Eintritt in das Unternehmen in den 1990er Jahren hat sie zur strategischen Entwicklung der Gruppe nach den Prinzipien der Kreislaufwirtschaft beigetragen und damit Praktiken vorweggenommen, die heute im europ\u00e4ischen industriellen Diskurs zentral sind. Derzeit ist sie gemeinsam mit ihrem Bruder Thomas Nicolis gesch\u00e4ftsf\u00fchrende Gesellschafterin der Gruppe. Unter ihrer Leitung war Lamacart das <strong data-start=\"1754\" data-end=\"1788\">erste italienische Unternehmen<\/strong>, das den renommierten <em data-start=\"1811\" data-end=\"1870\">Papyrus Award des BIR \u2013 Bureau of International Recycling<\/em> erhielt, eine internationale Auszeichnung f\u00fcr Exzellenz.<\/p>\n<h3 data-section-id=\"aytv47\" data-start=\"1934\" data-end=\"1993\"><span role=\"text\">Das Museo Nicolis: ein internationales Kulturprojekt<\/span><\/h3>\n<p data-start=\"1995\" data-end=\"2217\">Im Jahr 2000 gr\u00fcndete Silvia Nicolis gemeinsam mit ihrem Vater Luciano Nicolis das Museo Nicolis dell\u2019Auto, della Tecnica e della Meccanica und \u00fcbernahm von Anfang an die Leitung sowie seit 2012 auch die Pr\u00e4sidentschaft. Das Museum erstreckt sich \u00fcber mehr als 6.000 Quadratmeter und beherbergt zehn Sammlungen, die das 20. Jahrhundert anhand von Automobilen, Motorr\u00e4dern, Fahrr\u00e4dern, Musikinstrumenten, Kameras, wissenschaftlichen Ger\u00e4ten und ikonischen Objekten menschlicher Ingenieurskunst erz\u00e4hlen. Dank ihrer F\u00fchrung hat sich das Museo Nicolis als <strong data-start=\"2554\" data-end=\"2614\">europ\u00e4isches Exzellenzbeispiel eines Unternehmensmuseums<\/strong> etabliert und wurde unter die <strong data-start=\"2645\" data-end=\"2698\">100 einflussreichsten Oldtimersammlungen der Welt<\/strong> aufgenommen, gem\u00e4\u00df der internationalen Klassifikation <em data-start=\"2753\" data-end=\"2795\">\u201cThe Key \u2013 Top of the Classic Car World\u201d<\/em>. Heute zieht es Besucher aus aller Welt an und gilt als Instrument zur F\u00f6rderung der industriellen und kulturellen Identit\u00e4t Italiens. Silvia Nicolis hat das Museum als <strong data-start=\"2971\" data-end=\"3031\">kulturelles, bildungsbezogenes und touristisches Zentrum<\/strong> entwickelt und dabei Managementmethoden mit industrieller Kultur verbunden. Neben den Dauerausstellungen beherbergt das Museum Veranstaltungen, tempor\u00e4re Ausstellungen, Bildungsworkshops, Fortbildungsaktivit\u00e4ten, ein Kongresszentrum sowie einen spezialisierten Bookshop und hat im Laufe der Zeit ein stabiles Netzwerk von Beziehungen zu Schulen, Institutionen, Unternehmen und kulturellen Einrichtungen auf nationaler und internationaler Ebene aufgebaut. Sie ist Initiatorin von wirtschaftlich-kulturellen F\u00f6rderinitiativen wie dem <strong data-start=\"3567\" data-end=\"3616\"><a href=\"https:\/\/www.museonicolis.com\/category\/premio-museo-nicolis\">Premio Museo Nicolis<\/a> all\u2019Imprenditoria Veneta<\/strong> und hat zur Aufnahme der Gemeinde Villafranca di Verona in das nationale Netzwerk <strong data-start=\"3699\" data-end=\"3719\">Citt\u00e0 dei Motori<\/strong> beigetragen, das Gemeinden und gro\u00dfe Marken der italienischen Motoren-Exzellenz vereint.<\/p>\n<h3 data-section-id=\"tzm7pv\" data-start=\"3815\" data-end=\"3846\"><span role=\"text\">Auszeichnungen und \u00c4mter<\/span><\/h3>\n<p data-start=\"3848\" data-end=\"4218\">Das Museumsprojekt wurde mit zahlreichen <a href=\"https:\/\/www.museonicolis.com\/category\/premi-al-museo-nicolis\">internationalen Auszeichnungen<\/a> geehrt, darunter die <strong><em data-start=\"3945\" data-end=\"3966\">Special Recognition<\/em> der FIVA<\/strong> \u2013 <em data-start=\"3978\" data-end=\"4027\">F\u00e9d\u00e9ration Internationale des V\u00e9hicules Anciens<\/em>, der Titel <em data-start=\"4039\" data-end=\"4059\">Museum of the Year<\/em> bei den Historic Motoring Awards in London, der <em data-start=\"4108\" data-end=\"4160\">Ruoteclassiche Best in Classic \u2013 Museum des Jahres<\/em> sowie der Preis <em data-start=\"4177\" data-end=\"4199\">Eccellenza dell\u2019Anno<\/em> von ACI Storico. Parallel dazu \u00fcbt Silvia Nicolis eine intensive institutionelle und repr\u00e4sentative T\u00e4tigkeit aus: Sie ist Vizepr\u00e4sidentin von <strong data-start=\"4346\" data-end=\"4370\">Confindustria Verona<\/strong> mit Zust\u00e4ndigkeit f\u00fcr Tourismus und Unternehmenskultur, Vizepr\u00e4sidentin von <strong data-start=\"4447\" data-end=\"4462\">Museimpresa<\/strong>, Mitglied des Verwaltungsrats von <strong data-start=\"4497\" data-end=\"4512\">Veronafiere<\/strong> und beteiligt sich an zahlreichen nationalen Gremien im Bereich Unternehmenskultur und Industriegeschichte. Im Jahr 2022 wurde sie vom <strong data-start=\"4651\" data-end=\"4697\">Pr\u00e4sidenten der Republik Sergio Mattarella<\/strong> anl\u00e4sslich des zwanzigj\u00e4hrigen Bestehens von Museimpresa empfangen, als Anerkennung f\u00fcr den Wert der Unternehmenskultur als nationales Kulturgut. Ihr \u00f6ffentliches und berufliches Profil wurde durch zahlreiche Auszeichnungen gew\u00fcrdigt, darunter: Premio Nodo d\u2019Amore; Premio Capitani dell\u2019Anno Veneto; Premio Giulietta; Premio Motu Proprio \u2013 Handelskammer Verona; Premio Internazionale Profilo Donna; Premio AIV Impresa Lavoro; <em data-start=\"5127\" data-end=\"5165\">Parksmania Awards \u2013 Exhibition Vespa<\/em>. Zudem wurde sie f\u00fcr ihr Engagement in der F\u00f6rderung und Aufwertung des Territoriums ausgezeichnet: Nobilissima Castellana delle Terre di Suavia und Botschafterin des Bardolino \u2013 Confraternita del Vino Bardolino Chiaretto DOC.<\/p>\n<h3 data-section-id=\"6cyqjl\" data-start=\"5402\" data-end=\"5444\"><span role=\"text\">Soziales und kulturelles Engagement<\/span><\/h3>\n<p data-start=\"5446\" data-end=\"5570\">Neben ihren F\u00fchrungsrollen verfolgt Silvia Nicolis seit ihrer Jugend ein <strong data-start=\"5519\" data-end=\"5567\">konstantes und konkretes soziales Engagement<\/strong>. Das Museo Nicolis ist von Anfang an ein offener und inklusiver Ort: Beispiele daf\u00fcr sind kostenlose Besuche f\u00fcr Menschen mit besonderen Bed\u00fcrfnissen, Bildungsprojekte, Kooperationen mit sozialen und gesundheitlichen Einrichtungen sowie ein besonderes Augenmerk auf Barrierefreiheit. Sie unterst\u00fctzt Initiativen zugunsten lokaler Gemeinschaften, der unternehmerischen Ausbildung junger Menschen, der beruflichen Integration und der Rechte von Frauen. Zudem f\u00f6rdert sie eine Kultur der Gastfreundschaft, die auch Tiere respektiert: Das Museo Nicolis geh\u00f6rte zu den ersten Museen in Italien, die den Besuch gemeinsam mit Haustieren erlauben.<\/p>\n<hr data-start=\"6218\" data-end=\"6221\" \/>\n<p data-section-id=\"1crx4s8\" data-start=\"6223\" data-end=\"6276\"><strong><span role=\"text\">Eine Vision, die Wirtschaft und Kultur vereint<\/span><\/strong><\/p>\n<p data-start=\"6278\" data-end=\"6537\">Der berufliche und gesellschaftliche Werdegang von Silvia Nicolis stellt ein Beispiel italienischer Exzellenz und eine ma\u00dfgebliche Repr\u00e4sentation des Made in Italy in der Welt dar, ebenso wie einen kontinuierlichen Dienst an der Region und der Gemeinschaft. Er erz\u00e4hlt von einer Vision, in der <strong data-start=\"6575\" data-end=\"6631\">Wirtschaft und Kultur keine getrennten Bereiche sind<\/strong>, sondern sich als komplement\u00e4re Instrumente f\u00fcr ziviles, wirtschaftliches und soziales Wachstum verstehen. Eine <strong data-start=\"6747\" data-end=\"6794\">zeitgem\u00e4\u00dfe weibliche F\u00fchrungspers\u00f6nlichkeit<\/strong>, die in die Zukunft blickt, den Dialog mit den neuen Generationen sucht und den Wert von Menschen, Territorium und industriellem Erbe als lebendige Ressource f\u00fcr morgen in den Mittelpunkt stellt.<\/p>\n<\/div>\n<\/div>\n<\/div><\/div>\n<\/div>\n<\/div>\n<\/div>\n<\/div>\n<\/div>\n\n","protected":false},"excerpt":{"rendered":"Silvia Nicolis Silvia Nicolis ist Unternehmerin und Kulturmanagerin. Seit \u00fcber drei\u00dfig Jahren bewegt sie sich an der Schnittstelle von Wirtschaft, Kultur, Nachhaltigkeit und regionaler Entwicklung und f\u00f6rdert ein Wachstumsmodell, das industrielle Vision, soziale Verantwortung und die Aufwertung des kulturellen Erbes vereint. Als Tochter einer deutschen Mutter und eines italienischen Vaters entwickelte sie bereits in jungen...","protected":false},"author":23,"featured_media":0,"parent":0,"menu_order":0,"comment_status":"closed","ping_status":"closed","template":"","meta":{"_acf_changed":false,"om_disable_all_campaigns":false,"footnotes":""},"class_list":["post-230865","page","type-page","status-publish","hentry"],"acf":[],"yoast_head":"<!-- This site is optimized with the Yoast SEO plugin v22.0 - https:\/\/yoast.com\/wordpress\/plugins\/seo\/ -->\n<title>Pr\u00e4sidentin - Museo Nicolis<\/title>\n<meta name=\"robots\" content=\"index, follow, max-snippet:-1, max-image-preview:large, max-video-preview:-1\" \/>\n<link rel=\"canonical\" href=\"https:\/\/www.museonicolis.com\/de\/praesidentin\/\" \/>\n<meta property=\"og:locale\" content=\"de_DE\" \/>\n<meta property=\"og:type\" content=\"article\" \/>\n<meta property=\"og:title\" content=\"Pr\u00e4sidentin - Museo Nicolis\" \/>\n<meta property=\"og:url\" content=\"https:\/\/www.museonicolis.com\/de\/praesidentin\/\" \/>\n<meta property=\"og:site_name\" content=\"Museo Nicolis\" \/>\n<meta name=\"twitter:card\" content=\"summary_large_image\" \/>\n<meta name=\"twitter:label1\" content=\"Gesch\u00e4tzte Lesezeit\" \/>\n\t<meta name=\"twitter:data1\" content=\"4\u00a0Minuten\" \/>\n<script type=\"application\/ld+json\" class=\"yoast-schema-graph\">{\"@context\":\"https:\/\/schema.org\",\"@graph\":[{\"@type\":\"WebPage\",\"@id\":\"https:\/\/www.museonicolis.com\/de\/praesidentin\/\",\"url\":\"https:\/\/www.museonicolis.com\/de\/praesidentin\/\",\"name\":\"Pr\u00e4sidentin - Museo Nicolis\",\"isPartOf\":{\"@id\":\"https:\/\/www.museonicolis.com\/#website\"},\"datePublished\":\"2026-04-10T12:52:18+00:00\",\"dateModified\":\"2026-04-10T12:52:18+00:00\",\"breadcrumb\":{\"@id\":\"https:\/\/www.museonicolis.com\/de\/praesidentin\/#breadcrumb\"},\"inLanguage\":\"de\",\"potentialAction\":[{\"@type\":\"ReadAction\",\"target\":[\"https:\/\/www.museonicolis.com\/de\/praesidentin\/\"]}]},{\"@type\":\"BreadcrumbList\",\"@id\":\"https:\/\/www.museonicolis.com\/de\/praesidentin\/#breadcrumb\",\"itemListElement\":[{\"@type\":\"ListItem\",\"position\":1,\"name\":\"Home\",\"item\":\"https:\/\/www.museonicolis.com\/de\/\"},{\"@type\":\"ListItem\",\"position\":2,\"name\":\"Pr\u00e4sidentin\"}]},{\"@type\":\"WebSite\",\"@id\":\"https:\/\/www.museonicolis.com\/#website\",\"url\":\"https:\/\/www.museonicolis.com\/\",\"name\":\"Museo Nicolis\",\"description\":\"Hunderte von Autos, Motorr\u00e4der und Fahrr\u00e4der\",\"potentialAction\":[{\"@type\":\"SearchAction\",\"target\":{\"@type\":\"EntryPoint\",\"urlTemplate\":\"https:\/\/www.museonicolis.com\/?s={search_term_string}\"},\"query-input\":\"required name=search_term_string\"}],\"inLanguage\":\"de\"}]}<\/script>\n<!-- \/ Yoast SEO plugin. -->","yoast_head_json":{"title":"Pr\u00e4sidentin - Museo Nicolis","robots":{"index":"index","follow":"follow","max-snippet":"max-snippet:-1","max-image-preview":"max-image-preview:large","max-video-preview":"max-video-preview:-1"},"canonical":"https:\/\/www.museonicolis.com\/de\/praesidentin\/","og_locale":"de_DE","og_type":"article","og_title":"Pr\u00e4sidentin - Museo Nicolis","og_url":"https:\/\/www.museonicolis.com\/de\/praesidentin\/","og_site_name":"Museo Nicolis","twitter_card":"summary_large_image","twitter_misc":{"Gesch\u00e4tzte Lesezeit":"4\u00a0Minuten"},"schema":{"@context":"https:\/\/schema.org","@graph":[{"@type":"WebPage","@id":"https:\/\/www.museonicolis.com\/de\/praesidentin\/","url":"https:\/\/www.museonicolis.com\/de\/praesidentin\/","name":"Pr\u00e4sidentin - Museo Nicolis","isPartOf":{"@id":"https:\/\/www.museonicolis.com\/#website"},"datePublished":"2026-04-10T12:52:18+00:00","dateModified":"2026-04-10T12:52:18+00:00","breadcrumb":{"@id":"https:\/\/www.museonicolis.com\/de\/praesidentin\/#breadcrumb"},"inLanguage":"de","potentialAction":[{"@type":"ReadAction","target":["https:\/\/www.museonicolis.com\/de\/praesidentin\/"]}]},{"@type":"BreadcrumbList","@id":"https:\/\/www.museonicolis.com\/de\/praesidentin\/#breadcrumb","itemListElement":[{"@type":"ListItem","position":1,"name":"Home","item":"https:\/\/www.museonicolis.com\/de\/"},{"@type":"ListItem","position":2,"name":"Pr\u00e4sidentin"}]},{"@type":"WebSite","@id":"https:\/\/www.museonicolis.com\/#website","url":"https:\/\/www.museonicolis.com\/","name":"Museo Nicolis","description":"Hunderte von Autos, Motorr\u00e4der und Fahrr\u00e4der","potentialAction":[{"@type":"SearchAction","target":{"@type":"EntryPoint","urlTemplate":"https:\/\/www.museonicolis.com\/?s={search_term_string}"},"query-input":"required name=search_term_string"}],"inLanguage":"de"}]}},"_links":{"self":[{"href":"https:\/\/www.museonicolis.com\/de\/wp-json\/wp\/v2\/pages\/230865","targetHints":{"allow":["GET"]}}],"collection":[{"href":"https:\/\/www.museonicolis.com\/de\/wp-json\/wp\/v2\/pages"}],"about":[{"href":"https:\/\/www.museonicolis.com\/de\/wp-json\/wp\/v2\/types\/page"}],"author":[{"embeddable":true,"href":"https:\/\/www.museonicolis.com\/de\/wp-json\/wp\/v2\/users\/23"}],"replies":[{"embeddable":true,"href":"https:\/\/www.museonicolis.com\/de\/wp-json\/wp\/v2\/comments?post=230865"}],"version-history":[{"count":1,"href":"https:\/\/www.museonicolis.com\/de\/wp-json\/wp\/v2\/pages\/230865\/revisions"}],"predecessor-version":[{"id":232645,"href":"https:\/\/www.museonicolis.com\/de\/wp-json\/wp\/v2\/pages\/230865\/revisions\/232645"}],"wp:attachment":[{"href":"https:\/\/www.museonicolis.com\/de\/wp-json\/wp\/v2\/media?parent=230865"}],"curies":[{"name":"wp","href":"https:\/\/api.w.org\/{rel}","templated":true}]}}